{"id":559,"date":"2023-02-14T17:32:46","date_gmt":"2023-02-14T17:32:46","guid":{"rendered":"https:\/\/acsinserta.com\/?page_id=559"},"modified":"2025-09-23T18:08:10","modified_gmt":"2025-09-23T18:08:10","slug":"medidas-alternativas","status":"publish","type":"page","link":"https:\/\/acsinserta.com\/index.php\/medidas-alternativas\/","title":{"rendered":"Medidas alternativas"},"content":{"rendered":"\t\t<div data-elementor-type=\"wp-page\" data-elementor-id=\"559\" class=\"elementor elementor-559\" data-elementor-post-type=\"page\">\n\t\t\t\t\t\t<section class=\"elementor-section elementor-top-section elementor-element elementor-element-de265b5 elementor-section-height-min-height elementor-section-boxed elementor-section-height-default elementor-section-items-middle\" data-id=\"de265b5\" data-element_type=\"section\" data-e-type=\"section\" data-settings=\"{&quot;background_background&quot;:&quot;classic&quot;}\">\n\t\t\t\t\t\t<div class=\"elementor-container elementor-column-gap-no\">\n\t\t\t\t\t<div class=\"elementor-column elementor-col-50 elementor-top-column elementor-element elementor-element-68a07d3\" data-id=\"68a07d3\" data-element_type=\"column\" data-e-type=\"column\">\n\t\t\t<div class=\"elementor-widget-wrap elementor-element-populated\">\n\t\t\t\t\t\t<div class=\"elementor-element elementor-element-c0db12b elementor-widget elementor-widget-heading\" data-id=\"c0db12b\" data-element_type=\"widget\" data-e-type=\"widget\" data-widget_type=\"heading.default\">\n\t\t\t\t<div class=\"elementor-widget-container\">\n\t\t\t\t\t<h1 class=\"elementor-heading-title elementor-size-default\">Medidas alternativas<\/h1>\t\t\t\t<\/div>\n\t\t\t\t<\/div>\n\t\t\t\t<div class=\"elementor-element elementor-element-351d63c elementor-widget elementor-widget-heading\" data-id=\"351d63c\" data-element_type=\"widget\" data-e-type=\"widget\" data-widget_type=\"heading.default\">\n\t\t\t\t<div class=\"elementor-widget-container\">\n\t\t\t\t\t<p class=\"elementor-heading-title elementor-size-default\">cumplimiento con la ley general de derechos de las personas con Discapacidad<\/p>\t\t\t\t<\/div>\n\t\t\t\t<\/div>\n\t\t\t\t<div class=\"elementor-element elementor-element-680c4d7 elementor-widget elementor-widget-button\" data-id=\"680c4d7\" data-element_type=\"widget\" data-e-type=\"widget\" data-widget_type=\"button.default\">\n\t\t\t\t<div class=\"elementor-widget-container\">\n\t\t\t\t\t\t\t\t\t<div class=\"elementor-button-wrapper\">\n\t\t\t\t\t<a class=\"elementor-button elementor-button-link elementor-size-sm\" href=\"https:\/\/acsinserta.com\/index.php\/calculadora-medidas-alternativas\">\n\t\t\t\t\t\t<span class=\"elementor-button-content-wrapper\">\n\t\t\t\t\t\t<span class=\"elementor-button-icon\">\n\t\t\t\t<i aria-hidden=\"true\" class=\"fas fa-calculator\"><\/i>\t\t\t<\/span>\n\t\t\t\t\t\t\t\t\t<span class=\"elementor-button-text\">Calculadora de Medidas<\/span>\n\t\t\t\t\t<\/span>\n\t\t\t\t\t<\/a>\n\t\t\t\t<\/div>\n\t\t\t\t\t\t\t\t<\/div>\n\t\t\t\t<\/div>\n\t\t\t\t\t<\/div>\n\t\t<\/div>\n\t\t\t\t<div class=\"elementor-column elementor-col-50 elementor-top-column elementor-element elementor-element-eab1940\" data-id=\"eab1940\" data-element_type=\"column\" data-e-type=\"column\">\n\t\t\t<div class=\"elementor-widget-wrap\">\n\t\t\t\t\t\t\t<\/div>\n\t\t<\/div>\n\t\t\t\t\t<\/div>\n\t\t<\/section>\n\t\t\t\t<section class=\"elementor-section elementor-top-section elementor-element elementor-element-1a8b3e0 elementor-section-boxed elementor-section-height-default elementor-section-height-default\" data-id=\"1a8b3e0\" data-element_type=\"section\" data-e-type=\"section\">\n\t\t\t\t\t\t<div class=\"elementor-container elementor-column-gap-default\">\n\t\t\t\t\t<div class=\"elementor-column elementor-col-100 elementor-top-column elementor-element elementor-element-f79a2a8\" data-id=\"f79a2a8\" data-element_type=\"column\" data-e-type=\"column\">\n\t\t\t<div class=\"elementor-widget-wrap elementor-element-populated\">\n\t\t\t\t\t\t<div class=\"elementor-element elementor-element-04c0ddb elementor-widget elementor-widget-heading\" data-id=\"04c0ddb\" data-element_type=\"widget\" data-e-type=\"widget\" data-widget_type=\"heading.default\">\n\t\t\t\t<div class=\"elementor-widget-container\">\n\t\t\t\t\t<h2 class=\"elementor-heading-title elementor-size-default\">\u00bfC\u00f3mo te podemos ayudar?<\/h2>\t\t\t\t<\/div>\n\t\t\t\t<\/div>\n\t\t\t\t\t<\/div>\n\t\t<\/div>\n\t\t\t\t\t<\/div>\n\t\t<\/section>\n\t\t\t\t<section class=\"elementor-section elementor-top-section elementor-element elementor-element-606b67a elementor-section-boxed elementor-section-height-default elementor-section-height-default\" data-id=\"606b67a\" data-element_type=\"section\" data-e-type=\"section\">\n\t\t\t\t\t\t<div class=\"elementor-container elementor-column-gap-default\">\n\t\t\t\t\t<div class=\"elementor-column elementor-col-33 elementor-top-column elementor-element elementor-element-0fe799e\" data-id=\"0fe799e\" data-element_type=\"column\" data-e-type=\"column\" data-settings=\"{&quot;background_background&quot;:&quot;classic&quot;}\">\n\t\t\t<div class=\"elementor-widget-wrap elementor-element-populated\">\n\t\t\t\t\t\t<div class=\"elementor-element elementor-element-5f271f2 elementor-widget elementor-widget-heading\" data-id=\"5f271f2\" data-element_type=\"widget\" data-e-type=\"widget\" data-widget_type=\"heading.default\">\n\t\t\t\t<div class=\"elementor-widget-container\">\n\t\t\t\t\t<p class=\"elementor-heading-title elementor-size-default\">L.G. DERECHOS PERSONAS CON DISCAPACIDAD<\/p>\t\t\t\t<\/div>\n\t\t\t\t<\/div>\n\t\t\t\t<section class=\"elementor-section elementor-inner-section elementor-element elementor-element-2af1177 elementor-section-boxed elementor-section-height-default elementor-section-height-default\" data-id=\"2af1177\" data-element_type=\"section\" data-e-type=\"section\">\n\t\t\t\t\t\t<div class=\"elementor-container elementor-column-gap-default\">\n\t\t\t\t\t<div class=\"elementor-column elementor-col-50 elementor-inner-column elementor-element elementor-element-c3bf3ef\" data-id=\"c3bf3ef\" data-element_type=\"column\" data-e-type=\"column\">\n\t\t\t<div class=\"elementor-widget-wrap elementor-element-populated\">\n\t\t\t\t\t\t<div class=\"elementor-element elementor-element-205ebaa elementor-widget elementor-widget-heading\" data-id=\"205ebaa\" data-element_type=\"widget\" data-e-type=\"widget\" data-widget_type=\"heading.default\">\n\t\t\t\t<div class=\"elementor-widget-container\">\n\t\t\t\t\t<p class=\"elementor-heading-title elementor-size-default\">ACS INSERTA<\/p>\t\t\t\t<\/div>\n\t\t\t\t<\/div>\n\t\t\t\t<div class=\"elementor-element elementor-element-6f03f14 elementor-widget elementor-widget-image\" data-id=\"6f03f14\" data-element_type=\"widget\" data-e-type=\"widget\" data-widget_type=\"image.default\">\n\t\t\t\t<div class=\"elementor-widget-container\">\n\t\t\t\t\t\t\t\t\t\t\t\t\t\t\t<img fetchpriority=\"high\" decoding=\"async\" width=\"300\" height=\"170\" src=\"https:\/\/acsinserta.com\/wp-content\/uploads\/2023\/02\/LogoACSINSERTA.png\" class=\"attachment-large size-large wp-image-7\" alt=\"Logotipo de ACS Inserta\" \/>\t\t\t\t\t\t\t\t\t\t\t\t\t\t\t<\/div>\n\t\t\t\t<\/div>\n\t\t\t\t<div class=\"elementor-element elementor-element-ac0cc47 elementor-widget elementor-widget-heading\" data-id=\"ac0cc47\" data-element_type=\"widget\" data-e-type=\"widget\" data-widget_type=\"heading.default\">\n\t\t\t\t<div class=\"elementor-widget-container\">\n\t\t\t\t\t<p class=\"elementor-heading-title elementor-size-default\">Centro especial de empleo<\/p>\t\t\t\t<\/div>\n\t\t\t\t<\/div>\n\t\t\t\t\t<\/div>\n\t\t<\/div>\n\t\t\t\t<div class=\"elementor-column elementor-col-50 elementor-inner-column elementor-element elementor-element-1772735\" data-id=\"1772735\" data-element_type=\"column\" data-e-type=\"column\">\n\t\t\t<div class=\"elementor-widget-wrap elementor-element-populated\">\n\t\t\t\t\t\t<div class=\"elementor-element elementor-element-e5fec64 elementor-widget elementor-widget-heading\" data-id=\"e5fec64\" data-element_type=\"widget\" data-e-type=\"widget\" data-widget_type=\"heading.default\">\n\t\t\t\t<div class=\"elementor-widget-container\">\n\t\t\t\t\t<p class=\"elementor-heading-title elementor-size-default\">FUNDACI\u00d3N INSERTA<\/p>\t\t\t\t<\/div>\n\t\t\t\t<\/div>\n\t\t\t\t<div class=\"elementor-element elementor-element-33149ff elementor-widget elementor-widget-image\" data-id=\"33149ff\" data-element_type=\"widget\" data-e-type=\"widget\" data-widget_type=\"image.default\">\n\t\t\t\t<div class=\"elementor-widget-container\">\n\t\t\t\t\t\t\t\t\t\t\t\t\t\t\t<img decoding=\"async\" width=\"1024\" height=\"456\" src=\"https:\/\/acsinserta.com\/wp-content\/uploads\/2023\/02\/Logo-Fundacion-INSERTA-1518X676-1024x456.png\" class=\"attachment-large size-large wp-image-713\" alt=\"\" srcset=\"https:\/\/acsinserta.com\/wp-content\/uploads\/2023\/02\/Logo-Fundacion-INSERTA-1518X676-1024x456.png 1024w, https:\/\/acsinserta.com\/wp-content\/uploads\/2023\/02\/Logo-Fundacion-INSERTA-1518X676-300x134.png 300w, https:\/\/acsinserta.com\/wp-content\/uploads\/2023\/02\/Logo-Fundacion-INSERTA-1518X676-768x342.png 768w, https:\/\/acsinserta.com\/wp-content\/uploads\/2023\/02\/Logo-Fundacion-INSERTA-1518X676.png 1518w\" sizes=\"(max-width: 1024px) 100vw, 1024px\" \/>\t\t\t\t\t\t\t\t\t\t\t\t\t\t\t<\/div>\n\t\t\t\t<\/div>\n\t\t\t\t<div class=\"elementor-element elementor-element-ac6ba57 elementor-widget elementor-widget-heading\" data-id=\"ac6ba57\" data-element_type=\"widget\" data-e-type=\"widget\" data-widget_type=\"heading.default\">\n\t\t\t\t<div class=\"elementor-widget-container\">\n\t\t\t\t\t<p class=\"elementor-heading-title elementor-size-default\">Donativo a la Fundaci\u00f3n<\/p>\t\t\t\t<\/div>\n\t\t\t\t<\/div>\n\t\t\t\t\t<\/div>\n\t\t<\/div>\n\t\t\t\t\t<\/div>\n\t\t<\/section>\n\t\t\t\t\t<\/div>\n\t\t<\/div>\n\t\t\t\t<div class=\"elementor-column elementor-col-33 elementor-top-column elementor-element elementor-element-8a82c13\" data-id=\"8a82c13\" data-element_type=\"column\" data-e-type=\"column\">\n\t\t\t<div class=\"elementor-widget-wrap\">\n\t\t\t\t\t\t\t<\/div>\n\t\t<\/div>\n\t\t\t\t<div class=\"elementor-column elementor-col-33 elementor-top-column elementor-element elementor-element-c2de4fb\" data-id=\"c2de4fb\" data-element_type=\"column\" data-e-type=\"column\">\n\t\t\t<div class=\"elementor-widget-wrap elementor-element-populated\">\n\t\t\t\t\t\t<div class=\"elementor-element elementor-element-d59ea8a elementor-widget elementor-widget-text-editor\" data-id=\"d59ea8a\" data-element_type=\"widget\" data-e-type=\"widget\" data-widget_type=\"text-editor.default\">\n\t\t\t\t<div class=\"elementor-widget-container\">\n\t\t\t\t\t\t\t\t\t<p>Ofrecemos a nuestros clientes la posibilidad de cumplir con la <b>Ley General de Derechos de las personas con discapacidad<\/b> y de su inclusi\u00f3n social, recurriendo a las medidas alternativas, bien a trav\u00e9s de nuestro <b>Centro Especial de Empleo de Iniciativa Social ACS INSERTA<\/b>, y\/o mediante la opci\u00f3n de realizar <b>donaciones a nuestra Fundaci\u00f3n INSERTA<\/b>, para sus programas de empleo y formaci\u00f3n de personas con discapacidad y en situaci\u00f3n de exclusi\u00f3n social.<\/p><p>Las medidas alternativas, han supuesto adem\u00e1s de una v\u00eda de cumplimiento legal para las empresas, una palanca importante para la inclusi\u00f3n social de las personas con discapacidad.<\/p>\t\t\t\t\t\t\t\t<\/div>\n\t\t\t\t<\/div>\n\t\t\t\t\t<\/div>\n\t\t<\/div>\n\t\t\t\t\t<\/div>\n\t\t<\/section>\n\t\t\t\t<section class=\"elementor-section elementor-top-section elementor-element elementor-element-a7228b1 elementor-section-boxed elementor-section-height-default elementor-section-height-default\" data-id=\"a7228b1\" data-element_type=\"section\" data-e-type=\"section\">\n\t\t\t\t\t\t<div class=\"elementor-container elementor-column-gap-default\">\n\t\t\t\t\t<div class=\"elementor-column elementor-col-100 elementor-top-column elementor-element elementor-element-51ca395\" data-id=\"51ca395\" data-element_type=\"column\" data-e-type=\"column\">\n\t\t\t<div class=\"elementor-widget-wrap elementor-element-populated\">\n\t\t\t\t\t\t<div class=\"elementor-element elementor-element-cb8cf95 elementor-widget elementor-widget-heading\" data-id=\"cb8cf95\" data-element_type=\"widget\" data-e-type=\"widget\" data-widget_type=\"heading.default\">\n\t\t\t\t<div class=\"elementor-widget-container\">\n\t\t\t\t\t<h3 class=\"elementor-heading-title elementor-size-default\">Para que sepas en qu\u00e9 consisten las medidas...<\/h3>\t\t\t\t<\/div>\n\t\t\t\t<\/div>\n\t\t\t\t\t<\/div>\n\t\t<\/div>\n\t\t\t\t\t<\/div>\n\t\t<\/section>\n\t\t\t\t<section class=\"elementor-section elementor-top-section elementor-element elementor-element-9122d13 elementor-section-boxed elementor-section-height-default elementor-section-height-default\" data-id=\"9122d13\" data-element_type=\"section\" data-e-type=\"section\" data-settings=\"{&quot;background_background&quot;:&quot;classic&quot;}\">\n\t\t\t\t\t\t<div class=\"elementor-container elementor-column-gap-default\">\n\t\t\t\t\t<div class=\"elementor-column elementor-col-33 elementor-top-column elementor-element elementor-element-374a28e\" data-id=\"374a28e\" data-element_type=\"column\" data-e-type=\"column\">\n\t\t\t<div class=\"elementor-widget-wrap elementor-element-populated\">\n\t\t\t\t\t\t<div class=\"elementor-element elementor-element-23a50d1 elementor-widget elementor-widget-heading\" data-id=\"23a50d1\" data-element_type=\"widget\" data-e-type=\"widget\" data-widget_type=\"heading.default\">\n\t\t\t\t<div class=\"elementor-widget-container\">\n\t\t\t\t\t<p class=\"elementor-heading-title elementor-size-default\">El famoso 2% <\/p>\t\t\t\t<\/div>\n\t\t\t\t<\/div>\n\t\t\t\t<div class=\"elementor-element elementor-element-9396f15 elementor-widget-divider--view-line elementor-widget elementor-widget-divider\" data-id=\"9396f15\" data-element_type=\"widget\" data-e-type=\"widget\" data-widget_type=\"divider.default\">\n\t\t\t\t<div class=\"elementor-widget-container\">\n\t\t\t\t\t\t\t<div class=\"elementor-divider\">\n\t\t\t<span class=\"elementor-divider-separator\">\n\t\t\t\t\t\t<\/span>\n\t\t<\/div>\n\t\t\t\t\t\t<\/div>\n\t\t\t\t<\/div>\n\t\t\t\t<div class=\"elementor-element elementor-element-b18d845 elementor-widget elementor-widget-text-editor\" data-id=\"b18d845\" data-element_type=\"widget\" data-e-type=\"widget\" data-widget_type=\"text-editor.default\">\n\t\t\t\t<div class=\"elementor-widget-container\">\n\t\t\t\t\t\t\t\t\t<p>La normativa sobre derechos de las personas con discapacidad recoge la obligaci\u00f3n de las empresas p\u00fablicas y privadas cuya <b>plantilla sea de 50 \u00f3 m\u00e1s trabajadores de reservar un 2% de la misma para personas con discapacidad<\/b>.<\/p><p>En los casos que la contrataci\u00f3n directa de personas con discapacidad no sea factible por causas organizativas de las empresas, o bien porque la oficina de empleo no puede dar respuesta a la oferta de puestos de trabajo realizada por aquellas, se puede recurrir de manera excepcional y transitoria a la contrataci\u00f3n indirecta de personas con discapacidad a trav\u00e9s de las medidas alternativas.<\/p>\t\t\t\t\t\t\t\t<\/div>\n\t\t\t\t<\/div>\n\t\t\t\t<div class=\"elementor-element elementor-element-bf4a984 elementor-widget elementor-widget-heading\" data-id=\"bf4a984\" data-element_type=\"widget\" data-e-type=\"widget\" data-widget_type=\"heading.default\">\n\t\t\t\t<div class=\"elementor-widget-container\">\n\t\t\t\t\t<p class=\"elementor-heading-title elementor-size-default\">El Certificado de excepcionalidad<\/p>\t\t\t\t<\/div>\n\t\t\t\t<\/div>\n\t\t\t\t<div class=\"elementor-element elementor-element-9a54145 elementor-widget-divider--view-line elementor-widget elementor-widget-divider\" data-id=\"9a54145\" data-element_type=\"widget\" data-e-type=\"widget\" data-widget_type=\"divider.default\">\n\t\t\t\t<div class=\"elementor-widget-container\">\n\t\t\t\t\t\t\t<div class=\"elementor-divider\">\n\t\t\t<span class=\"elementor-divider-separator\">\n\t\t\t\t\t\t<\/span>\n\t\t<\/div>\n\t\t\t\t\t\t<\/div>\n\t\t\t\t<\/div>\n\t\t\t\t<div class=\"elementor-element elementor-element-d194dce elementor-widget elementor-widget-text-editor\" data-id=\"d194dce\" data-element_type=\"widget\" data-e-type=\"widget\" data-widget_type=\"text-editor.default\">\n\t\t\t\t<div class=\"elementor-widget-container\">\n\t\t\t\t\t\t\t\t\t<p>La contrataci\u00f3n indirecta de personas con discapacidad, como cumplimento de las medidas alternativas, <b>requiere de una autorizaci\u00f3n Administrativa,\u00a0Certificado de Excepcionalidad, que concede el Servicio de Empleo competente.<\/b><\/p><p>El\u00a0<b>Certificado de Excepcionalidad<\/b>\u00a0se concede por una duraci\u00f3n de <b>3 a\u00f1os,<\/b> debiendo presentar anualmente memoria justificativa del cumplimiento de la obligaci\u00f3n en cada ejercicio. Transcurrida la vigencia del certificado de excepcionalidad deber\u00e1 renovarse, si durante la misma no se ha alcanzado la cuota de reserva del 2%, y concurren las circunstancias para renovar la concesi\u00f3n.<\/p>\t\t\t\t\t\t\t\t<\/div>\n\t\t\t\t<\/div>\n\t\t\t\t\t<\/div>\n\t\t<\/div>\n\t\t\t\t<div class=\"elementor-column elementor-col-33 elementor-top-column elementor-element elementor-element-4aa0d58\" data-id=\"4aa0d58\" data-element_type=\"column\" data-e-type=\"column\">\n\t\t\t<div class=\"elementor-widget-wrap\">\n\t\t\t\t\t\t\t<\/div>\n\t\t<\/div>\n\t\t\t\t<div class=\"elementor-column elementor-col-33 elementor-top-column elementor-element elementor-element-a86d87b\" data-id=\"a86d87b\" data-element_type=\"column\" data-e-type=\"column\">\n\t\t\t<div class=\"elementor-widget-wrap elementor-element-populated\">\n\t\t\t\t\t\t<section class=\"elementor-section elementor-inner-section elementor-element elementor-element-3af8574 elementor-section-boxed elementor-section-height-default elementor-section-height-default\" data-id=\"3af8574\" data-element_type=\"section\" data-e-type=\"section\" data-settings=\"{&quot;background_background&quot;:&quot;classic&quot;}\">\n\t\t\t\t\t\t<div class=\"elementor-container elementor-column-gap-no\">\n\t\t\t\t\t<div class=\"elementor-column elementor-col-100 elementor-inner-column elementor-element elementor-element-34e64ec\" data-id=\"34e64ec\" data-element_type=\"column\" data-e-type=\"column\">\n\t\t\t<div class=\"elementor-widget-wrap elementor-element-populated\">\n\t\t\t\t\t\t<div class=\"elementor-element elementor-element-e72da34 elementor-view-default elementor-widget elementor-widget-icon\" data-id=\"e72da34\" data-element_type=\"widget\" data-e-type=\"widget\" data-widget_type=\"icon.default\">\n\t\t\t\t<div class=\"elementor-widget-container\">\n\t\t\t\t\t\t\t<div class=\"elementor-icon-wrapper\">\n\t\t\t<div class=\"elementor-icon\">\n\t\t\t<i aria-hidden=\"true\" class=\"fas fa-wheelchair\"><\/i>\t\t\t<\/div>\n\t\t<\/div>\n\t\t\t\t\t\t<\/div>\n\t\t\t\t<\/div>\n\t\t\t\t<div class=\"elementor-element elementor-element-9a59203 elementor-headline--style-highlight elementor-widget elementor-widget-animated-headline\" data-id=\"9a59203\" data-element_type=\"widget\" data-e-type=\"widget\" data-settings=\"{&quot;highlighted_text&quot;:&quot;&lt;strong&gt;2%&lt;\\\/strong&gt;&quot;,&quot;headline_style&quot;:&quot;highlight&quot;,&quot;marker&quot;:&quot;circle&quot;,&quot;highlight_animation_duration&quot;:1200}\" data-widget_type=\"animated-headline.default\">\n\t\t\t\t<div class=\"elementor-widget-container\">\n\t\t\t\t\t\t\t<p class=\"elementor-headline\">\n\t\t\t\t\t<span class=\"elementor-headline-plain-text elementor-headline-text-wrapper\">Reserva de un<\/span>\n\t\t\t\t<span class=\"elementor-headline-dynamic-wrapper elementor-headline-text-wrapper\">\n\t\t\t\t\t<span class=\"elementor-headline-dynamic-text elementor-headline-text-active\"><strong>2%<\/strong><\/span>\n\t\t\t\t<\/span>\n\t\t\t\t\t<span class=\"elementor-headline-plain-text elementor-headline-text-wrapper\">para personas con discapacidad<\/span>\n\t\t\t\t\t<\/p>\n\t\t\t\t\t\t<\/div>\n\t\t\t\t<\/div>\n\t\t\t\t<div class=\"elementor-element elementor-element-9a79f6c elementor-widget elementor-widget-heading\" data-id=\"9a79f6c\" data-element_type=\"widget\" data-e-type=\"widget\" data-widget_type=\"heading.default\">\n\t\t\t\t<div class=\"elementor-widget-container\">\n\t\t\t\t\t<p class=\"elementor-heading-title elementor-size-default\">* Para empresas de m\u00e1s de <b>50<\/b> trabajadores<\/p>\t\t\t\t<\/div>\n\t\t\t\t<\/div>\n\t\t\t\t<div class=\"elementor-element elementor-element-5d9cf28 elementor-widget elementor-widget-spacer\" data-id=\"5d9cf28\" data-element_type=\"widget\" data-e-type=\"widget\" data-widget_type=\"spacer.default\">\n\t\t\t\t<div class=\"elementor-widget-container\">\n\t\t\t\t\t\t\t<div class=\"elementor-spacer\">\n\t\t\t<div class=\"elementor-spacer-inner\"><\/div>\n\t\t<\/div>\n\t\t\t\t\t\t<\/div>\n\t\t\t\t<\/div>\n\t\t\t\t\t<\/div>\n\t\t<\/div>\n\t\t\t\t\t<\/div>\n\t\t<\/section>\n\t\t\t\t<section class=\"elementor-section elementor-inner-section elementor-element elementor-element-051f3c2 elementor-section-boxed elementor-section-height-default elementor-section-height-default\" data-id=\"051f3c2\" data-element_type=\"section\" data-e-type=\"section\">\n\t\t\t\t\t\t<div class=\"elementor-container elementor-column-gap-no\">\n\t\t\t\t\t<div class=\"elementor-column elementor-col-100 elementor-inner-column elementor-element elementor-element-2a2845b\" data-id=\"2a2845b\" data-element_type=\"column\" data-e-type=\"column\">\n\t\t\t<div class=\"elementor-widget-wrap elementor-element-populated\">\n\t\t\t\t\t\t<div class=\"elementor-element elementor-element-1f20b69 elementor-widget elementor-widget-image\" data-id=\"1f20b69\" data-element_type=\"widget\" data-e-type=\"widget\" data-widget_type=\"image.default\">\n\t\t\t\t<div class=\"elementor-widget-container\">\n\t\t\t\t\t\t\t\t\t\t\t\t\t\t\t<img decoding=\"async\" width=\"640\" height=\"427\" src=\"https:\/\/acsinserta.com\/wp-content\/uploads\/2023\/02\/ambiente-trabajo-inclusivo-trabajo-oficina.jpg\" class=\"attachment-large size-large wp-image-722\" alt=\"Medidas alternativas\" srcset=\"https:\/\/acsinserta.com\/wp-content\/uploads\/2023\/02\/ambiente-trabajo-inclusivo-trabajo-oficina.jpg 640w, https:\/\/acsinserta.com\/wp-content\/uploads\/2023\/02\/ambiente-trabajo-inclusivo-trabajo-oficina-300x200.jpg 300w\" sizes=\"(max-width: 640px) 100vw, 640px\" \/>\t\t\t\t\t\t\t\t\t\t\t\t\t\t\t<\/div>\n\t\t\t\t<\/div>\n\t\t\t\t<div class=\"elementor-element elementor-element-5811c77 elementor-align-justify elementor-widget elementor-widget-button\" data-id=\"5811c77\" data-element_type=\"widget\" data-e-type=\"widget\" data-widget_type=\"button.default\">\n\t\t\t\t<div class=\"elementor-widget-container\">\n\t\t\t\t\t\t\t\t\t<div class=\"elementor-button-wrapper\">\n\t\t\t\t\t<a class=\"elementor-button elementor-button-link elementor-size-sm\" href=\"https:\/\/acsinserta.com\/#contacto\">\n\t\t\t\t\t\t<span class=\"elementor-button-content-wrapper\">\n\t\t\t\t\t\t\t\t\t<span class=\"elementor-button-text\">Contacta para m\u00e1s informaci\u00f3n<\/span>\n\t\t\t\t\t<\/span>\n\t\t\t\t\t<\/a>\n\t\t\t\t<\/div>\n\t\t\t\t\t\t\t\t<\/div>\n\t\t\t\t<\/div>\n\t\t\t\t\t<\/div>\n\t\t<\/div>\n\t\t\t\t\t<\/div>\n\t\t<\/section>\n\t\t\t\t\t<\/div>\n\t\t<\/div>\n\t\t\t\t\t<\/div>\n\t\t<\/section>\n\t\t\t\t<\/div>\n\t\t","protected":false},"excerpt":{"rendered":"<p>Medidas alternativas cumplimiento con la ley general de derechos de las personas con Discapacidad Calculadora de Medidas \u00bfC\u00f3mo te podemos ayudar? L.G. DERECHOS PERSONAS CON DISCAPACIDAD ACS INSERTA Centro especial de empleo FUNDACI\u00d3N INSERTA Donativo a la Fundaci\u00f3n Ofrecemos a nuestros clientes la posibilidad de cumplir con la Ley General de Derechos de las personas &hellip;<\/p>\n<p class=\"read-more\"> <a class=\"\" href=\"https:\/\/acsinserta.com\/index.php\/medidas-alternativas\/\"> <span class=\"screen-reader-text\">Medidas alternativas<\/span> Leer m\u00e1s &raquo;<\/a><\/p>\n","protected":false},"author":1,"featured_media":0,"parent":0,"menu_order":0,"comment_status":"closed","ping_status":"closed","template":"","meta":{"site-sidebar-layout":"no-sidebar","site-content-layout":"page-builder","ast-global-header-display":"","ast-banner-title-visibility":"","ast-main-header-display":"","ast-hfb-above-header-display":"","ast-hfb-below-header-display":"","ast-hfb-mobile-header-display":"","site-post-title":"disabled","ast-breadcrumbs-content":"","ast-featured-img":"disabled","footer-sml-layout":"","theme-transparent-header-meta":"","adv-header-id-meta":"","stick-header-meta":"","header-above-stick-meta":"","header-main-stick-meta":"","header-below-stick-meta":"","footnotes":""},"class_list":["post-559","page","type-page","status-publish","hentry"],"yoast_head":"<!-- This site is optimized with the Yoast SEO plugin v27.5 - https:\/\/yoast.com\/product\/yoast-seo-wordpress\/ -->\n<title>Medidas alternativas relacionadas con personas con discapacidad<\/title>\n<meta name=\"description\" content=\"Ley general derechos personas con discapacidad a trav\u00e9s del Centro Especial de Empleo ACS INSERTA, y\/o donaciones a Fundaci\u00f3n INSERTA\" \/>\n<meta name=\"robots\" content=\"index, follow, max-snippet:-1, max-image-preview:large, max-video-preview:-1\" \/>\n<link rel=\"canonical\" href=\"https:\/\/acsinserta.com\/index.php\/medidas-alternativas\/\" \/>\n<meta property=\"og:locale\" content=\"es_ES\" \/>\n<meta property=\"og:type\" content=\"article\" \/>\n<meta property=\"og:title\" content=\"Medidas alternativas relacionadas con personas con discapacidad\" \/>\n<meta property=\"og:description\" content=\"Ley general derechos personas con discapacidad a trav\u00e9s del Centro Especial de Empleo ACS INSERTA, y\/o donaciones a Fundaci\u00f3n INSERTA\" \/>\n<meta property=\"og:url\" content=\"https:\/\/acsinserta.com\/index.php\/medidas-alternativas\/\" \/>\n<meta property=\"og:site_name\" content=\"ACS Inserta\" \/>\n<meta property=\"article:publisher\" content=\"https:\/\/www.facebook.com\/afs.cee\" \/>\n<meta property=\"article:modified_time\" content=\"2025-09-23T18:08:10+00:00\" \/>\n<meta property=\"og:image\" content=\"https:\/\/acsinserta.com\/wp-content\/uploads\/2023\/02\/LogoACSINSERTA.png\" \/>\n\t<meta property=\"og:image:width\" content=\"300\" \/>\n\t<meta property=\"og:image:height\" content=\"170\" \/>\n\t<meta property=\"og:image:type\" content=\"image\/png\" \/>\n<meta name=\"twitter:card\" content=\"summary_large_image\" \/>\n<meta name=\"twitter:label1\" content=\"Tiempo de lectura\" \/>\n\t<meta name=\"twitter:data1\" content=\"3 minutos\" \/>\n<script type=\"application\/ld+json\" class=\"yoast-schema-graph\">{\"@context\":\"https:\\\/\\\/schema.org\",\"@graph\":[{\"@type\":\"WebPage\",\"@id\":\"https:\\\/\\\/acsinserta.com\\\/index.php\\\/medidas-alternativas\\\/\",\"url\":\"https:\\\/\\\/acsinserta.com\\\/index.php\\\/medidas-alternativas\\\/\",\"name\":\"Medidas alternativas relacionadas con personas con discapacidad\",\"isPartOf\":{\"@id\":\"https:\\\/\\\/acsinserta.com\\\/#website\"},\"primaryImageOfPage\":{\"@id\":\"https:\\\/\\\/acsinserta.com\\\/index.php\\\/medidas-alternativas\\\/#primaryimage\"},\"image\":{\"@id\":\"https:\\\/\\\/acsinserta.com\\\/index.php\\\/medidas-alternativas\\\/#primaryimage\"},\"thumbnailUrl\":\"https:\\\/\\\/acsinserta.com\\\/wp-content\\\/uploads\\\/2023\\\/02\\\/LogoACSINSERTA.png\",\"datePublished\":\"2023-02-14T17:32:46+00:00\",\"dateModified\":\"2025-09-23T18:08:10+00:00\",\"description\":\"Ley general derechos personas con discapacidad a trav\u00e9s del Centro Especial de Empleo ACS INSERTA, y\\\/o donaciones a Fundaci\u00f3n INSERTA\",\"breadcrumb\":{\"@id\":\"https:\\\/\\\/acsinserta.com\\\/index.php\\\/medidas-alternativas\\\/#breadcrumb\"},\"inLanguage\":\"es\",\"potentialAction\":[{\"@type\":\"ReadAction\",\"target\":[\"https:\\\/\\\/acsinserta.com\\\/index.php\\\/medidas-alternativas\\\/\"]}]},{\"@type\":\"ImageObject\",\"inLanguage\":\"es\",\"@id\":\"https:\\\/\\\/acsinserta.com\\\/index.php\\\/medidas-alternativas\\\/#primaryimage\",\"url\":\"https:\\\/\\\/acsinserta.com\\\/wp-content\\\/uploads\\\/2023\\\/02\\\/LogoACSINSERTA.png\",\"contentUrl\":\"https:\\\/\\\/acsinserta.com\\\/wp-content\\\/uploads\\\/2023\\\/02\\\/LogoACSINSERTA.png\",\"width\":300,\"height\":170,\"caption\":\"Logotipo de ACS Inserta\"},{\"@type\":\"BreadcrumbList\",\"@id\":\"https:\\\/\\\/acsinserta.com\\\/index.php\\\/medidas-alternativas\\\/#breadcrumb\",\"itemListElement\":[{\"@type\":\"ListItem\",\"position\":1,\"name\":\"Portada\",\"item\":\"https:\\\/\\\/acsinserta.com\\\/\"},{\"@type\":\"ListItem\",\"position\":2,\"name\":\"Medidas alternativas\"}]},{\"@type\":\"WebSite\",\"@id\":\"https:\\\/\\\/acsinserta.com\\\/#website\",\"url\":\"https:\\\/\\\/acsinserta.com\\\/\",\"name\":\"ACS Inserta\",\"description\":\"Centro especial de empleo y servicios integrales\",\"publisher\":{\"@id\":\"https:\\\/\\\/acsinserta.com\\\/#organization\"},\"potentialAction\":[{\"@type\":\"SearchAction\",\"target\":{\"@type\":\"EntryPoint\",\"urlTemplate\":\"https:\\\/\\\/acsinserta.com\\\/?s={search_term_string}\"},\"query-input\":{\"@type\":\"PropertyValueSpecification\",\"valueRequired\":true,\"valueName\":\"search_term_string\"}}],\"inLanguage\":\"es\"},{\"@type\":\"Organization\",\"@id\":\"https:\\\/\\\/acsinserta.com\\\/#organization\",\"name\":\"ACS Inserta\",\"url\":\"https:\\\/\\\/acsinserta.com\\\/\",\"logo\":{\"@type\":\"ImageObject\",\"inLanguage\":\"es\",\"@id\":\"https:\\\/\\\/acsinserta.com\\\/#\\\/schema\\\/logo\\\/image\\\/\",\"url\":\"https:\\\/\\\/acsinserta.com\\\/wp-content\\\/uploads\\\/2023\\\/02\\\/LogoACSINSERTA.png\",\"contentUrl\":\"https:\\\/\\\/acsinserta.com\\\/wp-content\\\/uploads\\\/2023\\\/02\\\/LogoACSINSERTA.png\",\"width\":300,\"height\":170,\"caption\":\"ACS Inserta\"},\"image\":{\"@id\":\"https:\\\/\\\/acsinserta.com\\\/#\\\/schema\\\/logo\\\/image\\\/\"},\"sameAs\":[\"https:\\\/\\\/www.facebook.com\\\/afs.cee\"]}]}<\/script>\n<!-- \/ Yoast SEO plugin. -->","yoast_head_json":{"title":"Medidas alternativas relacionadas con personas con discapacidad","description":"Ley general derechos personas con discapacidad a trav\u00e9s del Centro Especial de Empleo ACS INSERTA, y\/o donaciones a Fundaci\u00f3n INSERTA","robots":{"index":"index","follow":"follow","max-snippet":"max-snippet:-1","max-image-preview":"max-image-preview:large","max-video-preview":"max-video-preview:-1"},"canonical":"https:\/\/acsinserta.com\/index.php\/medidas-alternativas\/","og_locale":"es_ES","og_type":"article","og_title":"Medidas alternativas relacionadas con personas con discapacidad","og_description":"Ley general derechos personas con discapacidad a trav\u00e9s del Centro Especial de Empleo ACS INSERTA, y\/o donaciones a Fundaci\u00f3n INSERTA","og_url":"https:\/\/acsinserta.com\/index.php\/medidas-alternativas\/","og_site_name":"ACS Inserta","article_publisher":"https:\/\/www.facebook.com\/afs.cee","article_modified_time":"2025-09-23T18:08:10+00:00","og_image":[{"width":300,"height":170,"url":"https:\/\/acsinserta.com\/wp-content\/uploads\/2023\/02\/LogoACSINSERTA.png","type":"image\/png"}],"twitter_card":"summary_large_image","twitter_misc":{"Tiempo de lectura":"3 minutos"},"schema":{"@context":"https:\/\/schema.org","@graph":[{"@type":"WebPage","@id":"https:\/\/acsinserta.com\/index.php\/medidas-alternativas\/","url":"https:\/\/acsinserta.com\/index.php\/medidas-alternativas\/","name":"Medidas alternativas relacionadas con personas con discapacidad","isPartOf":{"@id":"https:\/\/acsinserta.com\/#website"},"primaryImageOfPage":{"@id":"https:\/\/acsinserta.com\/index.php\/medidas-alternativas\/#primaryimage"},"image":{"@id":"https:\/\/acsinserta.com\/index.php\/medidas-alternativas\/#primaryimage"},"thumbnailUrl":"https:\/\/acsinserta.com\/wp-content\/uploads\/2023\/02\/LogoACSINSERTA.png","datePublished":"2023-02-14T17:32:46+00:00","dateModified":"2025-09-23T18:08:10+00:00","description":"Ley general derechos personas con discapacidad a trav\u00e9s del Centro Especial de Empleo ACS INSERTA, y\/o donaciones a Fundaci\u00f3n INSERTA","breadcrumb":{"@id":"https:\/\/acsinserta.com\/index.php\/medidas-alternativas\/#breadcrumb"},"inLanguage":"es","potentialAction":[{"@type":"ReadAction","target":["https:\/\/acsinserta.com\/index.php\/medidas-alternativas\/"]}]},{"@type":"ImageObject","inLanguage":"es","@id":"https:\/\/acsinserta.com\/index.php\/medidas-alternativas\/#primaryimage","url":"https:\/\/acsinserta.com\/wp-content\/uploads\/2023\/02\/LogoACSINSERTA.png","contentUrl":"https:\/\/acsinserta.com\/wp-content\/uploads\/2023\/02\/LogoACSINSERTA.png","width":300,"height":170,"caption":"Logotipo de ACS Inserta"},{"@type":"BreadcrumbList","@id":"https:\/\/acsinserta.com\/index.php\/medidas-alternativas\/#breadcrumb","itemListElement":[{"@type":"ListItem","position":1,"name":"Portada","item":"https:\/\/acsinserta.com\/"},{"@type":"ListItem","position":2,"name":"Medidas alternativas"}]},{"@type":"WebSite","@id":"https:\/\/acsinserta.com\/#website","url":"https:\/\/acsinserta.com\/","name":"ACS Inserta","description":"Centro especial de empleo y servicios integrales","publisher":{"@id":"https:\/\/acsinserta.com\/#organization"},"potentialAction":[{"@type":"SearchAction","target":{"@type":"EntryPoint","urlTemplate":"https:\/\/acsinserta.com\/?s={search_term_string}"},"query-input":{"@type":"PropertyValueSpecification","valueRequired":true,"valueName":"search_term_string"}}],"inLanguage":"es"},{"@type":"Organization","@id":"https:\/\/acsinserta.com\/#organization","name":"ACS Inserta","url":"https:\/\/acsinserta.com\/","logo":{"@type":"ImageObject","inLanguage":"es","@id":"https:\/\/acsinserta.com\/#\/schema\/logo\/image\/","url":"https:\/\/acsinserta.com\/wp-content\/uploads\/2023\/02\/LogoACSINSERTA.png","contentUrl":"https:\/\/acsinserta.com\/wp-content\/uploads\/2023\/02\/LogoACSINSERTA.png","width":300,"height":170,"caption":"ACS Inserta"},"image":{"@id":"https:\/\/acsinserta.com\/#\/schema\/logo\/image\/"},"sameAs":["https:\/\/www.facebook.com\/afs.cee"]}]}},"_links":{"self":[{"href":"https:\/\/acsinserta.com\/index.php\/wp-json\/wp\/v2\/pages\/559","targetHints":{"allow":["GET"]}}],"collection":[{"href":"https:\/\/acsinserta.com\/index.php\/wp-json\/wp\/v2\/pages"}],"about":[{"href":"https:\/\/acsinserta.com\/index.php\/wp-json\/wp\/v2\/types\/page"}],"author":[{"embeddable":true,"href":"https:\/\/acsinserta.com\/index.php\/wp-json\/wp\/v2\/users\/1"}],"replies":[{"embeddable":true,"href":"https:\/\/acsinserta.com\/index.php\/wp-json\/wp\/v2\/comments?post=559"}],"version-history":[{"count":58,"href":"https:\/\/acsinserta.com\/index.php\/wp-json\/wp\/v2\/pages\/559\/revisions"}],"predecessor-version":[{"id":1435,"href":"https:\/\/acsinserta.com\/index.php\/wp-json\/wp\/v2\/pages\/559\/revisions\/1435"}],"wp:attachment":[{"href":"https:\/\/acsinserta.com\/index.php\/wp-json\/wp\/v2\/media?parent=559"}],"curies":[{"name":"wp","href":"https:\/\/api.w.org\/{rel}","templated":true}]}}